{"id":454,"date":"2020-09-06T10:50:10","date_gmt":"2020-09-06T08:50:10","guid":{"rendered":"http:\/\/asmerieux.org\/?page_id=454"},"modified":"2025-06-29T10:45:10","modified_gmt":"2025-06-29T08:45:10","slug":"golf","status":"publish","type":"page","link":"https:\/\/asmerieux.org\/wpasm\/golf\/","title":{"rendered":"Golf"},"content":{"rendered":"<table width=\"828\">\n<tbody>\n<tr>\n<td width=\"141\">GOLF ASM<\/td>\n<td width=\"154\">Pr\u00e9sident<\/td>\n<td width=\"111\">Max<\/td>\n<td width=\"118\">CLANET<\/td>\n<td width=\"304\">max.clanet@wanadoo.fr<\/td>\n<\/tr>\n<tr>\n<td><\/td>\n<td><\/td>\n<td><\/td>\n<td><\/td>\n<td><\/td>\n<\/tr>\n<tr>\n<td>Golf Corpo<\/td>\n<td>Pr\u00e9sident<\/td>\n<td>Alexandre<\/td>\n<td>PORTIER<\/td>\n<td>alexandre.portier@sanofi.com<\/td>\n<\/tr>\n<tr>\n<td><\/td>\n<td>Tr\u00e9sorier<\/td>\n<td>Max<\/td>\n<td>CLANET<\/td>\n<td>max.clanet@wanadoo.fr<\/td>\n<\/tr>\n<\/tbody>\n<\/table>\n<p>Vous souhaitez d\u00e9couvrir le golf au \u00ab Lyon Salvagny Golf Club \u00bb ? Contactez Max CLANET<\/p>\n<p>Vous souhaitez jouer dans une \u00e9quipe aux couleurs \u00ab\u00a0Merieux\u00a0\u00bb ? Contactez Alexandre PORTIER<\/p>\n<p style=\"text-align: center;\"><span style=\"font-size: 14pt;\"><strong><a href=\"https:\/\/golf-entreprise-ara.org\/\" target=\"_blank\" rel=\"noopener noreferrer\">Golf Entreprise Auvergne-Rh\u00f4ne-Alpes<\/a><\/strong><\/span><\/p>\n<p>D\u00e9butant o\u00f9 joueur confirm\u00e9, avec la f\u00e9d\u00e9ration fran\u00e7aise de golf, d\u00e9couvrez le golf d&rsquo;entreprise !<br \/>\nUne approche stimulante et conviviale de cette discipline, privil\u00e9giant l\u2019esprit d\u2019\u00e9quipe dans un sport individuel par nature<\/p>\n<p>Source de rencontres tout \u00e0 la fois sportives et amicales, le golf d\u2019entreprise permet d\u2019allier les plaisirs de l\u2019entrainement avec les coll\u00e8gues, les rencontres avec des joueurs d\u2019autres entreprises et les plaisirs de la comp\u00e9tition<\/p>\n<table style=\"border-collapse: collapse; width: 100%;\">\n<tbody>\n<tr>\n<td style=\"width: 33.3333%; text-align: center;\"><a href=\"https:\/\/asmerieux.org\/wpasm\/wp-content\/uploads\/golf-infos.pdf\" target=\"_blank\" rel=\"noopener\">Infos<\/a><\/td>\n<td style=\"width: 33.3333%; text-align: center;\"><a href=\"https:\/\/asmerieux.org\/wpasm\/wp-content\/uploads\/golf-reglt.pdf\" target=\"_blank\" rel=\"noopener\">R\u00e8glement<\/a><\/td>\n<td style=\"width: 33.3333%; text-align: center;\"><a href=\"https:\/\/asmerieux.org\/wpasm\/wp-content\/uploads\/golf-adhesion.pdf\" target=\"_blank\" rel=\"noopener\">Adh\u00e9sion<\/a><\/td>\n<\/tr>\n<\/tbody>\n<\/table>\n<p><img loading=\"lazy\" decoding=\"async\" class=\"size-medium wp-image-1046 aligncenter\" src=\"https:\/\/asmerieux.org\/wpasm\/wp-content\/uploads\/ima-golf-1-300x197.jpg\" alt=\"\" width=\"300\" height=\"197\" srcset=\"https:\/\/asmerieux.org\/wpasm\/wp-content\/uploads\/ima-golf-1-300x197.jpg 300w, https:\/\/asmerieux.org\/wpasm\/wp-content\/uploads\/ima-golf-1.jpg 629w\" sizes=\"auto, (max-width: 300px) 100vw, 300px\" \/><\/p>\n<p><!-- <a href=\"https:\/\/asmerieux.org\/wpasm\/wp-content\/uploads\/golf-pres.pps\" target=\"_blank\" rel=\"noopener\">Le golf, c'est .....<\/a>   --><\/p>\n","protected":false},"excerpt":{"rendered":"<div class=\"mh-excerpt\"><p>GOLF ASM Pr\u00e9sident Max CLANET max.clanet@wanadoo.fr Golf Corpo Pr\u00e9sident Alexandre PORTIER alexandre.portier@sanofi.com Tr\u00e9sorier Max CLANET max.clanet@wanadoo.fr Vous souhaitez d\u00e9couvrir le golf au \u00ab Lyon Salvagny <a class=\"mh-excerpt-more\" href=\"https:\/\/asmerieux.org\/wpasm\/golf\/\" title=\"Golf\">[&#8230; Lire la suite &#8230;]<\/a><\/p>\n<\/div>","protected":false},"author":1,"featured_media":0,"parent":0,"menu_order":0,"comment_status":"closed","ping_status":"closed","template":"","meta":{"footnotes":""},"class_list":["post-454","page","type-page","status-publish","hentry"],"_links":{"self":[{"href":"https:\/\/asmerieux.org\/wpasm\/wp-json\/wp\/v2\/pages\/454","targetHints":{"allow":["GET"]}}],"collection":[{"href":"https:\/\/asmerieux.org\/wpasm\/wp-json\/wp\/v2\/pages"}],"about":[{"href":"https:\/\/asmerieux.org\/wpasm\/wp-json\/wp\/v2\/types\/page"}],"author":[{"embeddable":true,"href":"https:\/\/asmerieux.org\/wpasm\/wp-json\/wp\/v2\/users\/1"}],"replies":[{"embeddable":true,"href":"https:\/\/asmerieux.org\/wpasm\/wp-json\/wp\/v2\/comments?post=454"}],"version-history":[{"count":12,"href":"https:\/\/asmerieux.org\/wpasm\/wp-json\/wp\/v2\/pages\/454\/revisions"}],"predecessor-version":[{"id":1443,"href":"https:\/\/asmerieux.org\/wpasm\/wp-json\/wp\/v2\/pages\/454\/revisions\/1443"}],"wp:attachment":[{"href":"https:\/\/asmerieux.org\/wpasm\/wp-json\/wp\/v2\/media?parent=454"}],"curies":[{"name":"wp","href":"https:\/\/api.w.org\/{rel}","templated":true}]}}